{"id":22994463,"date":"2023-06-19T17:20:12","date_gmt":"2023-06-19T15:20:12","guid":{"rendered":"https:\/\/pelichet.wow-digital.com\/die-gruppe\/die-geschichte-von-pelichet\/"},"modified":"2024-02-13T13:23:32","modified_gmt":"2024-02-13T12:23:32","slug":"die-geschichte-von-pelichet","status":"publish","type":"page","link":"https:\/\/www.pelichet.ch\/de\/die-gruppe\/die-geschichte-von-pelichet\/","title":{"rendered":"Die Geschichte von Pelichet"},"content":{"rendered":"<p>[et_pb_section fb_built=&#8220;1&#8243; admin_label=&#8220;Hero&#8220; _builder_version=&#8220;4.23.4&#8243; _module_preset=&#8220;986f8486-ddc7-4189-8528-73b7d2f73652&#8243; background_image=&#8220;https:\/\/staging.pelichet-relocation.com\/wp-content\/uploads\/2024\/02\/pelichet-histoire-groupe.jpg&#8220; background_enable_video_mp4=&#8220;off&#8220; global_colors_info=&#8220;{}&#8220; alt=&#8220;Pelichet, le groupe&#8220; title_text=&#8220;PELICHET-HISTOIRE-COVER&#8220;][\/et_pb_section][et_pb_section fb_built=&#8220;1&#8243; admin_label=&#8220;History&#8220; _builder_version=&#8220;4.21.0&#8243; _module_preset=&#8220;default&#8220; background_color=&#8220;#FFFFFF&#8220; background_image=&#8220;https:\/\/staging.pelichet-relocation.com\/wp-content\/uploads\/2023\/06\/icon-pelichet-1.svg&#8220; parallax=&#8220;on&#8220; parallax_method=&#8220;off&#8220; custom_padding_tablet=&#8220;30px||0px||false|false&#8220; custom_padding_phone=&#8220;30px||0px||false|false&#8220; global_colors_info=&#8220;{}&#8220;][et_pb_row column_structure=&#8220;1_2,1_2&#8243; custom_padding_last_edited=&#8220;off|desktop&#8220; admin_label=&#8220;History &#8211; Part 1&#8243; _builder_version=&#8220;4.21.0&#8243; _module_preset=&#8220;default&#8220; custom_padding_tablet=&#8220;30px||0px||false|false&#8220; global_colors_info=&#8220;{}&#8220;][et_pb_column type=&#8220;1_2&#8243; _builder_version=&#8220;4.21.0&#8243; _module_preset=&#8220;default&#8220; global_colors_info=&#8220;{}&#8220;][et_pb_text _builder_version=&#8220;4.21.0&#8243; _module_preset=&#8220;c03424a2-92b0-4db6-9fa7-e5acc8ed924d&#8220; max_width=&#8220;600px&#8220; animation_style=&#8220;fade&#8220; header_2_font_size_tablet=&#8220;2.81em&#8220; header_2_font_size_last_edited=&#8220;off|phone&#8220; header_2_line_height_tablet=&#8220;1.2em&#8220; header_2_line_height_last_edited=&#8220;off|phone&#8220; module_alignment_tablet=&#8220;center&#8220; module_alignment_phone=&#8220;center&#8220; module_alignment_last_edited=&#8220;on|tablet&#8220; global_colors_info=&#8220;{}&#8220;]<\/p>\n<h1>Die Geschichte von Pelichet <\/h1>\n<p>[\/et_pb_text][\/et_pb_column][et_pb_column type=&#8220;1_2&#8243; _builder_version=&#8220;4.21.0&#8243; _module_preset=&#8220;default&#8220; global_colors_info=&#8220;{}&#8220;][et_pb_text _builder_version=&#8220;4.21.0&#8243; _module_preset=&#8220;default&#8220; max_width=&#8220;600px&#8220; animation_style=&#8220;fade&#8220; module_alignment_tablet=&#8220;center&#8220; module_alignment_phone=&#8220;center&#8220; module_alignment_last_edited=&#8220;on|tablet&#8220; global_colors_info=&#8220;{}&#8220;]Seit der Gr\u00fcndung durch Albert Pelichet im Jahr 1891 hat unsere Gruppe die Zeitalter und Epochen \u00fcberdauert und sich durch ihre drei gewachsenen T\u00e4tigkeitsfelder Umzug, Transport und Archivierung zu einem wichtigen Akteur der Mobilit\u00e4t in der Schweiz und im Ausland entwickelt. Die Gruppe hat sich immer wieder den Herausforderungen angepasst, die mit der Entwicklung der Gesellschaft und der Mobilit\u00e4t verbunden sind, um den Transport von G\u00fctern und Personen \u00fcberall auf der Welt zu gew\u00e4hrleisten.[\/et_pb_text][\/et_pb_column][\/et_pb_row][et_pb_row column_structure=&#8220;1_2,1_2&#8243; use_custom_gutter=&#8220;on&#8220; gutter_width=&#8220;1&#8243; make_equal=&#8220;on&#8220; admin_label=&#8220;Quote&#8220; module_class=&#8220;row-small-quote&#8220; _builder_version=&#8220;4.23.4&#8243; _module_preset=&#8220;default&#8220; custom_margin=&#8220;80px||80px||true|false&#8220; custom_margin_tablet=&#8220;40px||40px||true|false&#8220; custom_margin_phone=&#8220;20px||20px||true|false&#8220; custom_margin_last_edited=&#8220;on|desktop&#8220; custom_padding=&#8220;0px||0px||true|false&#8220; animation_style=&#8220;fade&#8220; background_size_tablet=&#8220;cover&#8220; custom_css_main_element=&#8220;display: flex;||flex-wrap: wrap;||align-items: center;&#8220; border_color_left=&#8220;#F27C21&#8243; border_radii_tablet=&#8220;on|8px|8px|8px|8px&#8220; border_radii_phone=&#8220;off||8px|8px|&#8220; border_radii_last_edited=&#8220;off|tablet&#8220; border_width_all_tablet=&#8220;&#8220; border_width_all_phone=&#8220;&#8220; border_width_all_last_edited=&#8220;on|phone&#8220; border_width_left_tablet=&#8220;0px&#8220; border_width_left_phone=&#8220;0px&#8220; border_width_left_last_edited=&#8220;on|tablet&#8220; global_colors_info=&#8220;{}&#8220;][et_pb_column type=&#8220;1_2&#8243; _builder_version=&#8220;4.21.0&#8243; _module_preset=&#8220;default&#8220; global_colors_info=&#8220;{}&#8220;][et_pb_image src=&#8220;https:\/\/staging.pelichet-relocation.com\/wp-content\/uploads\/2023\/07\/PELICHET-HISTOIRE-EPOQUE.jpg&#8220; alt=&#8220;L&#8217;histoire du groupe Pelichet&#8220; title_text=&#8220;PELICHET-HISTOIRE-EPOQUE&#8220; _builder_version=&#8220;4.23.4&#8243; _module_preset=&#8220;default&#8220; global_colors_info=&#8220;{}&#8220;][\/et_pb_image][\/et_pb_column][et_pb_column type=&#8220;1_2&#8243; _builder_version=&#8220;4.23.4&#8243; _module_preset=&#8220;default&#8220; background_color=&#8220;#F2F2F2&#8243; border_width_right=&#8220;4px&#8220; border_color_right=&#8220;#F27C21&#8243; global_colors_info=&#8220;{}&#8220;][et_pb_text _builder_version=&#8220;4.23.4&#8243; _module_preset=&#8220;default&#8220; text_font_size=&#8220;2em&#8220; text_line_height=&#8220;1.4em&#8220; max_width_tablet=&#8220;100%&#8220; max_width_phone=&#8220;100%&#8220; max_width_last_edited=&#8220;off|desktop&#8220; custom_margin=&#8220;||||false|false&#8220; custom_margin_tablet=&#8220;||||false|false&#8220; custom_margin_phone=&#8220;||||false|false&#8220; custom_margin_last_edited=&#8220;on|tablet&#8220; custom_padding=&#8220;40px|40px|40px|40px|true|true&#8220; text_font_size_tablet=&#8220;1.5em&#8220; text_font_size_phone=&#8220;1.5em&#8220; text_font_size_last_edited=&#8220;on|tablet&#8220; module_alignment_tablet=&#8220;right&#8220; module_alignment_phone=&#8220;right&#8220; module_alignment_last_edited=&#8220;on|desktop&#8220; border_radii_tablet=&#8220;off|0px|||0px&#8220; border_radii_phone=&#8220;off|0px||0px|0px&#8220; border_radii_last_edited=&#8220;off|desktop&#8220; border_width_all_last_edited=&#8220;off|desktop&#8220; border_width_right_tablet=&#8220;0px&#8220; border_width_right_phone=&#8220;0px&#8220; border_width_right_last_edited=&#8220;on|tablet&#8220; global_colors_info=&#8220;{}&#8220;]Pelichet hat die Kundenzufriedenheit in den Mittelpunkt gestellt und setzt dank dieses Erfolgsrezepts seine Expansion fort.[\/et_pb_text][\/et_pb_column][\/et_pb_row][et_pb_row column_structure=&#8220;1_2,1_2&#8243; make_equal=&#8220;on&#8220; admin_label=&#8220;History &#8211; Part 2&#8243; _builder_version=&#8220;4.21.0&#8243; _module_preset=&#8220;default&#8220; custom_css_main_element=&#8220;display: flex;||flex-wrap: wrap;||align-items: center;&#8220; global_colors_info=&#8220;{}&#8220;][et_pb_column type=&#8220;1_2&#8243; _builder_version=&#8220;4.21.0&#8243; _module_preset=&#8220;default&#8220; global_colors_info=&#8220;{}&#8220;][et_pb_text _builder_version=&#8220;4.21.0&#8243; _module_preset=&#8220;default&#8220; max_width=&#8220;600px&#8220; animation_style=&#8220;fade&#8220; module_alignment_tablet=&#8220;center&#8220; module_alignment_phone=&#8220;center&#8220; module_alignment_last_edited=&#8220;on|tablet&#8220; global_colors_info=&#8220;{}&#8220;]<\/p>\n<p>Getragen von den Werten der Innovation und immer an vorderster Front der Ver\u00e4nderungen stehend, wuchs Pelichet mit der Attraktivit\u00e4t Genfs als Zentrum f\u00fcr Diplomatie und Handel, um eine herausragende Position auf der internationalen B\u00fchne zu etablieren.<\/p>\n<p>Wenn auch eine seiner historischen Leistungen der Umzug des V\u00f6lkerbunds an seinen neuen Sitz in Genf im Jahr 1936 war, erf\u00fcllte Pelichet ebenso die Anforderungen und Bed\u00fcrfnisse grosser multinationaler Konzerne in so unterschiedlichen Bereichen wie Spitzentechnologie, Banken oder Bauunternehmen.<\/p>\n<p>[\/et_pb_text][\/et_pb_column][et_pb_column type=&#8220;1_2&#8243; _builder_version=&#8220;4.21.0&#8243; _module_preset=&#8220;default&#8220; custom_padding_tablet=&#8220;30px||||false|false&#8220; custom_padding_phone=&#8220;30px||||false|false&#8220; custom_padding_last_edited=&#8220;on|tablet&#8220; global_colors_info=&#8220;{}&#8220;][dipi_floating_multi_images fmi_height=&#8220;316px&#8220; _builder_version=&#8220;4.21.0&#8243; _module_preset=&#8220;default&#8220; background_image=&#8220;https:\/\/staging.pelichet-relocation.com\/wp-content\/uploads\/2023\/07\/DOTS.svg&#8220; background_size=&#8220;contain&#8220; animation_style=&#8220;fade&#8220; global_colors_info=&#8220;{}&#8220;][dipi_floating_multi_images_child item_label=&#8220;Left&#8220; img_src=&#8220;https:\/\/staging.pelichet-relocation.com\/wp-content\/uploads\/2023\/07\/LEFT.jpg&#8220; horizontal_position=&#8220;17%&#8220; vertical_position=&#8220;1%&#8220; _builder_version=&#8220;4.21.0&#8243; _module_preset=&#8220;default&#8220; max_width=&#8220;186px&#8220; custom_padding=&#8220;||0px||false|false&#8220; global_colors_info=&#8220;{}&#8220;][\/dipi_floating_multi_images_child][dipi_floating_multi_images_child item_label=&#8220;Middle&#8220; img_src=&#8220;https:\/\/staging.pelichet-relocation.com\/wp-content\/uploads\/2023\/07\/MAIN.jpg&#8220; horizontal_position=&#8220;36%&#8220; vertical_position=&#8220;36%&#8220; _builder_version=&#8220;4.21.0&#8243; _module_preset=&#8220;default&#8220; max_width=&#8220;200px&#8220; global_colors_info=&#8220;{}&#8220;][\/dipi_floating_multi_images_child][dipi_floating_multi_images_child item_label=&#8220;Right&#8220; img_src=&#8220;https:\/\/staging.pelichet-relocation.com\/wp-content\/uploads\/2023\/07\/RIGHT.jpg&#8220; horizontal_position=&#8220;57%&#8220; vertical_position=&#8220;9%&#8220; _builder_version=&#8220;4.21.0&#8243; _module_preset=&#8220;default&#8220; max_width=&#8220;186px&#8220; global_colors_info=&#8220;{}&#8220;][\/dipi_floating_multi_images_child][\/dipi_floating_multi_images][\/et_pb_column][\/et_pb_row][et_pb_row admin_label=&#8220;Bild&#8220; _builder_version=&#8220;4.21.0&#8243; _module_preset=&#8220;default&#8220; animation_style=&#8220;fade&#8220; global_colors_info=&#8220;{}&#8220;][et_pb_column type=&#8220;4_4&#8243; _builder_version=&#8220;4.21.0&#8243; _module_preset=&#8220;default&#8220; global_colors_info=&#8220;{}&#8220;][et_pb_image src=&#8220;https:\/\/staging.pelichet-relocation.com\/wp-content\/uploads\/2023\/08\/PELICHET-HISTOIRE-ONU.jpg&#8220; alt=&#8220;Pelichet, UN&#8220; title_text=&#8220;Pelichet, UN&#8220; _builder_version=&#8220;4.21.0&#8243; _module_preset=&#8220;default&#8220; global_colors_info=&#8220;{}&#8220;][\/et_pb_image][\/et_pb_column][\/et_pb_row][\/et_pb_section][et_pb_section fb_built=&#8220;1&#8243; custom_padding_last_edited=&#8220;on|phone&#8220; admin_label=&#8220;Timeline &#038; Map&#8220; _builder_version=&#8220;4.21.0&#8243; _module_preset=&#8220;default&#8220; background_color=&#8220;#F2F2F2&#8243; use_background_color_gradient=&#8220;on&#8220; background_color_gradient_stops=&#8220;#ffffff 0%|#ffffff 27%|#f2f2f2 68%|#f2f2f2 100%&#8220; custom_padding=&#8220;60px||||false|false&#8220; custom_padding_tablet=&#8220;60px||||false|false&#8220; custom_padding_phone=&#8220;60px||||false|false&#8220; global_colors_info=&#8220;{}&#8220;][et_pb_row _builder_version=&#8220;4.21.0&#8243; _module_preset=&#8220;default&#8220; width=&#8220;95%&#8220; width_tablet=&#8220;100%&#8220; width_phone=&#8220;100%&#8220; width_last_edited=&#8220;on|desktop&#8220; max_width=&#8220;2560px&#8220; custom_padding=&#8220;0px||0px||false|false&#8220; animation_style=&#8220;fade&#8220; global_colors_info=&#8220;{}&#8220;][et_pb_column type=&#8220;4_4&#8243; _builder_version=&#8220;4.21.0&#8243; _module_preset=&#8220;default&#8220; global_colors_info=&#8220;{}&#8220;][et_pb_text _builder_version=&#8220;4.21.0&#8243; _module_preset=&#8220;c03424a2-92b0-4db6-9fa7-e5acc8ed924d&#8220; custom_margin=&#8220;||24px||false|false&#8220; global_colors_info=&#8220;{}&#8220;]<\/p>\n<h2 style=\"text-align: center;\"><strong>Eine Geschichte der Exzellenz<\/strong><\/h2>\n<p>[\/et_pb_text][dipi_horizontal_timeline show_card_arrow=&#8220;off&#8220; space_between=&#8220;40&#8243; container_padding=&#8220;0px||60px||false|false&#8220; show_lightbox=&#8220;off&#8220; navigation=&#8220;on&#8220; dynamic_bullets=&#8220;off&#8220; layout=&#8220;top&#8220; timeline_line_style=&#8220;dotted&#8220; timeline_line_color=&#8220;#aaaaaa&#8220; use_active_line=&#8220;off&#8220; navigation_prev_icon_yn=&#8220;on&#8220; navigation_prev_icon=&#8220;&#xf104;||fa||900&#8243; navigation_next_icon_yn=&#8220;on&#8220; navigation_next_icon=&#8220;&#xf105;||fa||900&#8243; navigation_color=&#8220;#000000&#8243; navigation_bg_color=&#8220;#FFFFFF&#8220; navigation_circle=&#8220;on&#8220; navigation_position_left=&#8220;5px&#8220; navigation_position_right=&#8220;5px&#8220; columns_tablet=&#8220;2&#8243; columns_phone=&#8220;1&#8243; columns_last_edited=&#8220;on|desktop&#8220; space_between_tablet=&#8220;30&#8243; space_between_phone=&#8220;20&#8243; space_between_last_edited=&#8220;on|tablet&#8220; container_padding_tablet=&#8220;0px||60px||false|false&#8220; container_padding_phone=&#8220;0px||60px||false|false&#8220; container_padding_last_edited=&#8220;on|desktop&#8220; layout_tablet=&#8220;top&#8220; layout_phone=&#8220;top&#8220; layout_last_edited=&#8220;on|desktop&#8220; line_area_size_tablet=&#8220;80px&#8220; line_area_size_phone=&#8220;80px&#8220; line_area_size_last_edited=&#8220;on|desktop&#8220; navigation_position_left_tablet=&#8220;20px&#8220; navigation_position_left_phone=&#8220;20px&#8220; navigation_position_left_last_edited=&#8220;on|desktop&#8220; navigation_position_right_tablet=&#8220;20px&#8220; navigation_position_right_phone=&#8220;20px&#8220; navigation_position_right_last_edited=&#8220;on|desktop&#8220; _builder_version=&#8220;4.21.0&#8243; _module_preset=&#8220;default&#8220; desc_text_color=&#8220;#000000&#8243; desc_font_size=&#8220;1.5em&#8220; desc_line_height=&#8220;1.38em&#8220; ribbon_text_color=&#8220;rgba(0,0,0,0.4)&#8220; custom_css_navigation=&#8220;top: 40%;||box-shadow: 0 5px 30px #00000020;&#8220; global_colors_info=&#8220;{}&#8220; navigation_color__hover_enabled=&#8220;on|hover&#8220; navigation_color__hover=&#8220;#F27C21&#8243;][dipi_horizontal_timeline_item ribbon=&#8220;1891&#8243; timeline_icon=&#8220;&#xf024;||fa||900&#8243; timeline_icon_color=&#8220;#FFFFFF&#8220; ribbon_circle_color=&#8220;#aaaaaa&#8220; ribbon_use_icon_font_size=&#8220;on&#8220; timeline_icon_font_size=&#8220;14px&#8220; ribbon_text_bgcolor=&#8220;RGBA(255,255,255,0)&#8220; image=&#8220;https:\/\/staging.pelichet-relocation.com\/wp-content\/uploads\/2023\/06\/Creation-la-genevoise-Albert-Pelichet2.jpg&#8220; icon_image_margin=&#8220;0px|0px|0px|0px|false|false&#8220; card_padding=&#8220;0px|0px|0px|0px|true|true&#8220; ribbon_text_margin=&#8220;15px||||false|false&#8220; ribbon_text_padding=&#8220;0px|0px|0px|0px|true|true&#8220; _builder_version=&#8220;4.21.0&#8243; _module_preset=&#8220;default&#8220; header_text_align=&#8220;center&#8220; header_text_color=&#8220;#000000&#8243; header_font_size=&#8220;1.5em&#8220; body_text_align=&#8220;center&#8220; body_text_color=&#8220;#000000&#8243; body_font_size=&#8220;1.5em&#8220; body_line_height=&#8220;1.38em&#8220; ribbon_text_text_color=&#8220;#aaaaaa&#8220; ribbon_text_font_size=&#8220;2.81em&#8220; background_color=&#8220;RGBA(255,255,255,0)&#8220; background_enable_color=&#8220;on&#8220; custom_css_timeline_item_content=&#8220;margin-top: -225px;||padding-top: 200px;||background-image: linear-gradient(180deg, rgba(255,255,255,0) 40%, rgba(255,255,255,1) 90%);&#8220; border_radii_image=&#8220;on|8px|8px|8px|8px&#8220; global_colors_info=&#8220;{}&#8220; timeline_icon_color__hover_enabled=&#8220;off|desktop&#8220; ribbon_circle_color__hover_enabled=&#8220;on|desktop&#8220; ribbon_circle_color__hover=&#8220;#aaaaaa&#8220;]<\/p>\n<p><strong>Gr\u00fcndung von \u00abLa Genevoise\u00bb <br \/>durch Albert Pelichet<\/strong><\/p>\n<p>[\/dipi_horizontal_timeline_item][dipi_horizontal_timeline_item ribbon=&#8220;1945&#8243; timeline_icon=&#8220;&#xf024;||fa||900&#8243; timeline_icon_color=&#8220;#FFFFFF&#8220; ribbon_circle_color=&#8220;#aaaaaa&#8220; ribbon_use_icon_font_size=&#8220;on&#8220; timeline_icon_font_size=&#8220;14px&#8220; ribbon_text_bgcolor=&#8220;RGBA(255,255,255,0)&#8220; image=&#8220;https:\/\/staging.pelichet-relocation.com\/wp-content\/uploads\/2023\/06\/Nations-unis2-1.jpg&#8220; icon_image_margin=&#8220;0px|0px|0px|0px|false|false&#8220; card_padding=&#8220;0px|0px|0px|0px|true|true&#8220; ribbon_text_margin=&#8220;15px||||false|false&#8220; ribbon_text_padding=&#8220;0px|0px|0px|0px|true|true&#8220; _builder_version=&#8220;4.21.0&#8243; _module_preset=&#8220;default&#8220; header_text_align=&#8220;center&#8220; header_text_color=&#8220;#000000&#8243; header_font_size=&#8220;1.5em&#8220; body_text_align=&#8220;center&#8220; body_text_color=&#8220;#000000&#8243; body_font_size=&#8220;1.5em&#8220; body_line_height=&#8220;1.38em&#8220; ribbon_text_text_color=&#8220;#aaaaaa&#8220; ribbon_text_font_size=&#8220;2.81em&#8220; background_color=&#8220;RGBA(255,255,255,0)&#8220; background_enable_color=&#8220;on&#8220; custom_css_timeline_item_content=&#8220;margin-top: -225px;||padding-top: 200px;||background-image: linear-gradient(180deg, rgba(255,255,255,0) 40%, rgba(255,255,255,1) 90%);&#8220; border_radii_image=&#8220;on|8px|8px|8px|8px&#8220; global_colors_info=&#8220;{}&#8220; ribbon_circle_color__hover_enabled=&#8220;on|desktop&#8220; ribbon_circle_color__hover=&#8220;#aaaaaa&#8220;]<\/p>\n<p><strong>Einzug der <br \/>Vereinten Nationen<\/strong><\/p>\n<p>[\/dipi_horizontal_timeline_item][dipi_horizontal_timeline_item ribbon=&#8220;1950&#8243; timeline_icon=&#8220;&#xf024;||fa||900&#8243; timeline_icon_color=&#8220;#FFFFFF&#8220; ribbon_circle_color=&#8220;#aaaaaa&#8220; ribbon_use_icon_font_size=&#8220;on&#8220; timeline_icon_font_size=&#8220;14px&#8220; ribbon_text_bgcolor=&#8220;RGBA(255,255,255,0)&#8220; image=&#8220;https:\/\/staging.pelichet-relocation.com\/wp-content\/uploads\/2023\/06\/USA2.jpg&#8220; icon_image_margin=&#8220;0px|0px|0px|0px|false|false&#8220; card_padding=&#8220;0px|0px|0px|0px|true|true&#8220; ribbon_text_margin=&#8220;15px||||false|false&#8220; ribbon_text_padding=&#8220;0px|0px|0px|0px|true|true&#8220; _builder_version=&#8220;4.21.0&#8243; _module_preset=&#8220;default&#8220; header_text_align=&#8220;center&#8220; header_text_color=&#8220;#000000&#8243; header_font_size=&#8220;1.5em&#8220; body_text_align=&#8220;center&#8220; body_text_color=&#8220;#000000&#8243; body_font_size=&#8220;1.5em&#8220; body_line_height=&#8220;1.38em&#8220; ribbon_text_text_color=&#8220;#aaaaaa&#8220; ribbon_text_font_size=&#8220;2.81em&#8220; background_color=&#8220;RGBA(255,255,255,0)&#8220; background_enable_color=&#8220;on&#8220; custom_css_timeline_item_content=&#8220;margin-top: -225px;||padding-top: 200px;||background-image: linear-gradient(180deg, rgba(255,255,255,0) 40%, rgba(255,255,255,1) 90%);&#8220; border_radii_image=&#8220;on|8px|8px|8px|8px&#8220; global_colors_info=&#8220;{}&#8220; ribbon_circle_color__hover_enabled=&#8220;on|desktop&#8220; ribbon_circle_color__hover=&#8220;#aaaaaa&#8220;]<\/p>\n<p><strong>Pelichet in den <br \/>USA<\/strong><\/p>\n<p>[\/dipi_horizontal_timeline_item][dipi_horizontal_timeline_item ribbon=&#8220;1975&#8243; timeline_icon=&#8220;&#xf024;||fa||900&#8243; timeline_icon_color=&#8220;#FFFFFF&#8220; ribbon_circle_color=&#8220;#aaaaaa&#8220; ribbon_use_icon_font_size=&#8220;on&#8220; timeline_icon_font_size=&#8220;14px&#8220; ribbon_text_bgcolor=&#8220;RGBA(255,255,255,0)&#8220; image=&#8220;https:\/\/staging.pelichet-relocation.com\/wp-content\/uploads\/2023\/06\/developpement-international.jpg&#8220; icon_image_margin=&#8220;0px|0px|0px|0px|false|false&#8220; card_padding=&#8220;0px|0px|0px|0px|true|true&#8220; ribbon_text_margin=&#8220;15px||||false|false&#8220; ribbon_text_padding=&#8220;0px|0px|0px|0px|true|true&#8220; _builder_version=&#8220;4.21.0&#8243; _module_preset=&#8220;default&#8220; header_text_align=&#8220;center&#8220; header_text_color=&#8220;#000000&#8243; header_font_size=&#8220;1.5em&#8220; body_text_align=&#8220;center&#8220; body_text_color=&#8220;#000000&#8243; body_font_size=&#8220;1.5em&#8220; body_line_height=&#8220;1.38em&#8220; ribbon_text_text_color=&#8220;#aaaaaa&#8220; ribbon_text_font_size=&#8220;2.81em&#8220; background_color=&#8220;RGBA(255,255,255,0)&#8220; background_enable_color=&#8220;on&#8220; custom_css_timeline_item_content=&#8220;margin-top: -225px;||padding-top: 200px;||background-image: linear-gradient(180deg, rgba(255,255,255,0) 40%, rgba(255,255,255,1) 90%);&#8220; border_radii_image=&#8220;on|8px|8px|8px|8px&#8220; global_colors_info=&#8220;{}&#8220; ribbon_circle_color__hover_enabled=&#8220;on|desktop&#8220; ribbon_circle_color__hover=&#8220;#aaaaaa&#8220;]<\/p>\n<p><strong>Entwicklung auf <br \/>internationaler Ebene<\/strong><\/p>\n<p>[\/dipi_horizontal_timeline_item][dipi_horizontal_timeline_item ribbon=&#8220;1995&#8243; timeline_icon=&#8220;&#xf024;||fa||900&#8243; timeline_icon_color=&#8220;#FFFFFF&#8220; ribbon_circle_color=&#8220;#aaaaaa&#8220; ribbon_use_icon_font_size=&#8220;on&#8220; timeline_icon_font_size=&#8220;14px&#8220; ribbon_text_bgcolor=&#8220;RGBA(255,255,255,0)&#8220; image=&#8220;https:\/\/staging.pelichet-relocation.com\/wp-content\/uploads\/2023\/06\/Presence10-Pays-Asie.jpg&#8220; icon_image_margin=&#8220;0px|0px|0px|0px|false|false&#8220; card_padding=&#8220;0px|0px|0px|0px|true|true&#8220; ribbon_text_margin=&#8220;15px||||false|false&#8220; ribbon_text_padding=&#8220;0px|0px|0px|0px|true|true&#8220; _builder_version=&#8220;4.21.0&#8243; _module_preset=&#8220;default&#8220; header_text_align=&#8220;center&#8220; header_text_color=&#8220;#000000&#8243; header_font_size=&#8220;1.5em&#8220; body_text_align=&#8220;center&#8220; body_text_color=&#8220;#000000&#8243; body_font_size=&#8220;1.5em&#8220; body_line_height=&#8220;1.38em&#8220; ribbon_text_text_color=&#8220;#aaaaaa&#8220; ribbon_text_font_size=&#8220;2.81em&#8220; background_color=&#8220;RGBA(255,255,255,0)&#8220; background_enable_color=&#8220;on&#8220; custom_css_timeline_item_content=&#8220;margin-top: -225px;||padding-top: 200px;||background-image: linear-gradient(180deg, rgba(255,255,255,0) 40%, rgba(255,255,255,1) 90%);&#8220; border_radii_image=&#8220;on|8px|8px|8px|8px&#8220; global_colors_info=&#8220;{}&#8220; ribbon_circle_color__hover_enabled=&#8220;on|desktop&#8220; ribbon_circle_color__hover=&#8220;#aaaaaa&#8220;]<\/p>\n<p><strong>Pr\u00e4senz in mehr als <br \/>10 asiatischen L\u00e4ndern<\/strong><\/p>\n<p>[\/dipi_horizontal_timeline_item][dipi_horizontal_timeline_item ribbon=&#8220;2011&#8243; timeline_icon=&#8220;&#xf024;||fa||900&#8243; timeline_icon_color=&#8220;#FFFFFF&#8220; ribbon_circle_color=&#8220;#aaaaaa&#8220; ribbon_use_icon_font_size=&#8220;on&#8220; timeline_icon_font_size=&#8220;14px&#8220; ribbon_text_bgcolor=&#8220;RGBA(255,255,255,0)&#8220; image=&#8220;https:\/\/staging.pelichet-relocation.com\/wp-content\/uploads\/2023\/10\/mobilitas_group.jpg&#8220; alt=&#8220;Pelichet wird Teil der Mobilitas Gruppe&#8220; icon_image_margin=&#8220;0px|0px|0px|0px|false|false&#8220; card_padding=&#8220;0px|0px|0px|0px|true|true&#8220; ribbon_text_margin=&#8220;15px||||false|false&#8220; ribbon_text_padding=&#8220;0px|0px|0px|0px|true|true&#8220; _builder_version=&#8220;4.21.0&#8243; _module_preset=&#8220;default&#8220; header_text_align=&#8220;center&#8220; header_text_color=&#8220;#000000&#8243; header_font_size=&#8220;1.5em&#8220; body_text_align=&#8220;center&#8220; body_text_color=&#8220;#000000&#8243; body_font_size=&#8220;1.5em&#8220; body_line_height=&#8220;1.38em&#8220; ribbon_text_text_color=&#8220;#aaaaaa&#8220; ribbon_text_font_size=&#8220;2.81em&#8220; background_color=&#8220;RGBA(255,255,255,0)&#8220; background_enable_color=&#8220;on&#8220; custom_css_timeline_item_content=&#8220;margin-top: -225px;||padding-top: 200px;||background-image: linear-gradient(180deg, rgba(255,255,255,0) 40%, rgba(255,255,255,1) 90%);&#8220; border_radii_image=&#8220;on|8px|8px|8px|8px&#8220; global_colors_info=&#8220;{}&#8220; ribbon_circle_color__hover_enabled=&#8220;on|desktop&#8220; ribbon_circle_color__hover=&#8220;#aaaaaa&#8220;]<\/p>\n<p><strong>Pelichet wird Teil der<br \/>Mobilitas Gruppe<br \/><\/strong><\/p>\n<p>[\/dipi_horizontal_timeline_item][dipi_horizontal_timeline_item ribbon=&#8220;2013&#8243; timeline_icon=&#8220;&#xf024;||fa||900&#8243; timeline_icon_color=&#8220;#FFFFFF&#8220; ribbon_circle_color=&#8220;#aaaaaa&#8220; ribbon_use_icon_font_size=&#8220;on&#8220; timeline_icon_font_size=&#8220;14px&#8220; ribbon_text_bgcolor=&#8220;RGBA(255,255,255,0)&#8220; image=&#8220;https:\/\/staging.pelichet-relocation.com\/wp-content\/uploads\/2023\/09\/Pelichet_vernier_HQ.jpg&#8220; icon_image_margin=&#8220;0px|0px|0px|0px|false|false&#8220; card_padding=&#8220;0px|0px|0px|0px|true|true&#8220; ribbon_text_margin=&#8220;15px||||false|false&#8220; ribbon_text_padding=&#8220;0px|0px|0px|0px|true|true&#8220; _builder_version=&#8220;4.21.0&#8243; _module_preset=&#8220;default&#8220; header_text_align=&#8220;center&#8220; header_text_color=&#8220;#000000&#8243; header_font_size=&#8220;1.5em&#8220; body_text_align=&#8220;center&#8220; body_text_color=&#8220;#000000&#8243; body_font_size=&#8220;1.5em&#8220; body_line_height=&#8220;1.38em&#8220; ribbon_text_text_color=&#8220;#aaaaaa&#8220; ribbon_text_font_size=&#8220;2.81em&#8220; background_color=&#8220;RGBA(255,255,255,0)&#8220; background_enable_color=&#8220;on&#8220; custom_css_timeline_item_content=&#8220;margin-top: -225px;||padding-top: 200px;||background-image: linear-gradient(180deg, rgba(255,255,255,0) 40%, rgba(255,255,255,1) 90%);&#8220; border_radii_image=&#8220;on|8px|8px|8px|8px&#8220; global_colors_info=&#8220;{}&#8220; ribbon_circle_color__hover_enabled=&#8220;on|desktop&#8220; ribbon_circle_color__hover=&#8220;#aaaaaa&#8220;]<\/p>\n<p><strong>Er\u00f6ffnung des Hauptsitzes<br \/>in Vernier<\/strong><\/p>\n<p>[\/dipi_horizontal_timeline_item][dipi_horizontal_timeline_item ribbon=&#8220;2015&#8243; timeline_icon=&#8220;&#xf024;||fa||900&#8243; timeline_icon_color=&#8220;#FFFFFF&#8220; ribbon_circle_color=&#8220;#aaaaaa&#8220; ribbon_use_icon_font_size=&#8220;on&#8220; timeline_icon_font_size=&#8220;14px&#8220; ribbon_text_bgcolor=&#8220;RGBA(255,255,255,0)&#8220; image=&#8220;https:\/\/staging.pelichet-relocation.com\/wp-content\/uploads\/2023\/09\/pelichet.jpg&#8220; icon_image_margin=&#8220;0px|0px|0px|0px|false|false&#8220; card_padding=&#8220;0px|0px|0px|0px|true|true&#8220; ribbon_text_margin=&#8220;15px||||false|false&#8220; ribbon_text_padding=&#8220;0px|0px|0px|0px|true|true&#8220; _builder_version=&#8220;4.21.0&#8243; _module_preset=&#8220;default&#8220; header_text_align=&#8220;center&#8220; header_text_color=&#8220;#000000&#8243; header_font_size=&#8220;1.5em&#8220; body_text_align=&#8220;center&#8220; body_text_color=&#8220;#000000&#8243; body_font_size=&#8220;1.5em&#8220; body_line_height=&#8220;1.38em&#8220; ribbon_text_text_color=&#8220;#aaaaaa&#8220; ribbon_text_font_size=&#8220;2.81em&#8220; background_color=&#8220;RGBA(255,255,255,0)&#8220; background_enable_color=&#8220;on&#8220; custom_css_timeline_item_content=&#8220;margin-top: -225px;||padding-top: 200px;||background-image: linear-gradient(180deg, rgba(255,255,255,0) 40%, rgba(255,255,255,1) 90%);&#8220; border_radii_image=&#8220;on|8px|8px|8px|8px&#8220; global_colors_info=&#8220;{}&#8220; ribbon_circle_color__hover_enabled=&#8220;on|desktop&#8220; ribbon_circle_color__hover=&#8220;#aaaaaa&#8220;]<\/p>\n<p><strong>Ansiedlung der <br \/>Uhrenmanufaktur PLO<\/strong><\/p>\n<p>[\/dipi_horizontal_timeline_item][dipi_horizontal_timeline_item ribbon=&#8220;2021&#8243; timeline_icon=&#8220;&#xf024;||fa||900&#8243; timeline_icon_color=&#8220;#FFFFFF&#8220; ribbon_circle_color=&#8220;#aaaaaa&#8220; ribbon_use_icon_font_size=&#8220;on&#8220; timeline_icon_font_size=&#8220;14px&#8220; ribbon_text_bgcolor=&#8220;RGBA(255,255,255,0)&#8220; image=&#8220;https:\/\/staging.pelichet-relocation.com\/wp-content\/uploads\/2023\/09\/pelichet_vaud_orbe.jpg&#8220; icon_image_margin=&#8220;0px|0px|0px|0px|false|false&#8220; card_padding=&#8220;0px|0px|0px|0px|true|true&#8220; ribbon_text_margin=&#8220;15px||||false|false&#8220; ribbon_text_padding=&#8220;0px|0px|0px|0px|true|true&#8220; _builder_version=&#8220;4.21.0&#8243; _module_preset=&#8220;default&#8220; header_text_align=&#8220;center&#8220; header_text_color=&#8220;#000000&#8243; header_font_size=&#8220;1.5em&#8220; body_text_align=&#8220;center&#8220; body_text_color=&#8220;#000000&#8243; body_font_size=&#8220;1.5em&#8220; body_line_height=&#8220;1.38em&#8220; ribbon_text_text_color=&#8220;#aaaaaa&#8220; ribbon_text_font_size=&#8220;2.81em&#8220; background_color=&#8220;RGBA(255,255,255,0)&#8220; background_enable_color=&#8220;on&#8220; custom_css_timeline_item_content=&#8220;margin-top: -225px;||padding-top: 200px;||background-image: linear-gradient(180deg, rgba(255,255,255,0) 40%, rgba(255,255,255,1) 90%);&#8220; border_radii_image=&#8220;on|8px|8px|8px|8px&#8220; global_colors_info=&#8220;{}&#8220; ribbon_circle_color__hover_enabled=&#8220;on|desktop&#8220; ribbon_circle_color__hover=&#8220;#aaaaaa&#8220;]<\/p>\n<p><strong>Er\u00f6ffnung der Pelichet Agentur <br \/>in Orbe<\/strong><\/p>\n<p>[\/dipi_horizontal_timeline_item][dipi_horizontal_timeline_item ribbon=&#8220;2022&#8243; timeline_icon=&#8220;&#xf024;||fa||900&#8243; timeline_icon_color=&#8220;#FFFFFF&#8220; ribbon_circle_color=&#8220;#aaaaaa&#8220; ribbon_use_icon_font_size=&#8220;on&#8220; timeline_icon_font_size=&#8220;14px&#8220; ribbon_text_bgcolor=&#8220;RGBA(255,255,255,0)&#8220; image=&#8220;https:\/\/staging.pelichet-relocation.com\/wp-content\/uploads\/2023\/09\/pelichet_archivage_physique_numerique.jpg&#8220; icon_image_margin=&#8220;0px|0px|0px|0px|false|false&#8220; card_padding=&#8220;0px|0px|0px|0px|true|true&#8220; ribbon_text_margin=&#8220;15px||||false|false&#8220; ribbon_text_padding=&#8220;0px|0px|0px|0px|true|true&#8220; _builder_version=&#8220;4.21.0&#8243; _module_preset=&#8220;default&#8220; header_text_align=&#8220;center&#8220; header_text_color=&#8220;#000000&#8243; header_font_size=&#8220;1.5em&#8220; body_text_align=&#8220;center&#8220; body_text_color=&#8220;#000000&#8243; body_font_size=&#8220;1.5em&#8220; body_line_height=&#8220;1.38em&#8220; ribbon_text_text_color=&#8220;#aaaaaa&#8220; ribbon_text_font_size=&#8220;2.81em&#8220; background_color=&#8220;RGBA(255,255,255,0)&#8220; background_enable_color=&#8220;on&#8220; custom_css_timeline_item_content=&#8220;margin-top: -225px;||padding-top: 200px;||background-image: linear-gradient(180deg, rgba(255,255,255,0) 40%, rgba(255,255,255,1) 90%);&#8220; border_radii_image=&#8220;on|8px|8px|8px|8px&#8220; global_colors_info=&#8220;{}&#8220; ribbon_circle_color__hover_enabled=&#8220;on|desktop&#8220; ribbon_circle_color__hover=&#8220;#aaaaaa&#8220;]<\/p>\n<p><strong>Er\u00f6ffnung von <br \/>Pelichet Archivage \u00a0<\/strong><\/p>\n<p>[\/dipi_horizontal_timeline_item][dipi_horizontal_timeline_item ribbon=&#8220;2023&#8243; timeline_icon=&#8220;&#xf024;||fa||900&#8243; timeline_icon_color=&#8220;#FFFFFF&#8220; ribbon_circle_color=&#8220;#aaaaaa&#8220; ribbon_use_icon_font_size=&#8220;on&#8220; timeline_icon_font_size=&#8220;14px&#8220; ribbon_text_bgcolor=&#8220;RGBA(255,255,255,0)&#8220; image=&#8220;https:\/\/staging.pelichet-relocation.com\/wp-content\/uploads\/2023\/09\/trophee-rse-pelichet-ccifs.jpg&#8220; icon_image_margin=&#8220;0px|0px|0px|0px|false|false&#8220; card_padding=&#8220;0px|0px|0px|0px|true|true&#8220; ribbon_text_margin=&#8220;15px||||false|false&#8220; ribbon_text_padding=&#8220;0px|0px|0px|0px|true|true&#8220; _builder_version=&#8220;4.21.0&#8243; _module_preset=&#8220;default&#8220; header_text_align=&#8220;center&#8220; header_text_color=&#8220;#000000&#8243; header_font_size=&#8220;1.5em&#8220; body_text_align=&#8220;center&#8220; body_text_color=&#8220;#000000&#8243; body_font_size=&#8220;1.5em&#8220; body_line_height=&#8220;1.38em&#8220; ribbon_text_text_color=&#8220;#aaaaaa&#8220; ribbon_text_font_size=&#8220;2.81em&#8220; background_color=&#8220;RGBA(255,255,255,0)&#8220; background_enable_color=&#8220;on&#8220; custom_css_timeline_item_content=&#8220;margin-top: -225px;||padding-top: 200px;||background-image: linear-gradient(180deg, rgba(255,255,255,0) 40%, rgba(255,255,255,1) 90%);&#8220; border_radii_image=&#8220;on|8px|8px|8px|8px&#8220; global_colors_info=&#8220;{}&#8220; ribbon_circle_color__hover_enabled=&#8220;on|desktop&#8220; ribbon_circle_color__hover=&#8220;#aaaaaa&#8220;]<\/p>\n<p><strong>Pelichet gewinnt den <br \/>CSR-Preis der CCIFS<\/strong><\/p>\n<p>[\/dipi_horizontal_timeline_item][\/dipi_horizontal_timeline][\/et_pb_column][\/et_pb_row][et_pb_row admin_label=&#8220;Map&#8220; _builder_version=&#8220;4.21.0&#8243; _module_preset=&#8220;default&#8220; width=&#8220;100%&#8220; width_tablet=&#8220;90%&#8220; width_phone=&#8220;90%&#8220; width_last_edited=&#8220;on|phone&#8220; custom_margin=&#8220;100px||||false|false&#8220; custom_margin_tablet=&#8220;80px||||false|false&#8220; custom_margin_phone=&#8220;100px||||false|false&#8220; custom_margin_last_edited=&#8220;on|phone&#8220; custom_padding=&#8220;0px||0px||false|false&#8220; global_colors_info=&#8220;{}&#8220;][et_pb_column type=&#8220;4_4&#8243; _builder_version=&#8220;4.21.0&#8243; _module_preset=&#8220;default&#8220; global_colors_info=&#8220;{}&#8220;][et_pb_text _builder_version=&#8220;4.21.0&#8243; _module_preset=&#8220;c03424a2-92b0-4db6-9fa7-e5acc8ed924d&#8220; header_2_text_align=&#8220;center&#8220; max_width=&#8220;700px&#8220; module_alignment=&#8220;center&#8220; custom_margin=&#8220;||24px||false|false&#8220; animation_style=&#8220;fade&#8220; global_colors_info=&#8220;{}&#8220;]<\/p>\n<h2>Ein einzigartiges globales Netzwerk<\/h2>\n<p>[\/et_pb_text][et_pb_text _builder_version=&#8220;4.21.0&#8243; _module_preset=&#8220;default&#8220; width_tablet=&#8220;90%&#8220; width_last_edited=&#8220;off|phone&#8220; max_width=&#8220;630px&#8220; module_alignment=&#8220;center&#8220; custom_margin=&#8220;||40px||false|false&#8220; animation_style=&#8220;fade&#8220; global_colors_info=&#8220;{}&#8220;]<\/p>\n<p>Die Zugeh\u00f6rigkeit zur MOBILITAS Gruppe diente Pelichet als echtes Sprungbrett, um seine internationale Pr\u00e4senz in \u00fcber 100 L\u00e4ndern zu verst\u00e4rken.<\/p>\n<p>[\/et_pb_text][et_pb_image src=&#8220;https:\/\/staging.pelichet-relocation.com\/wp-content\/uploads\/2024\/01\/carte-pelichet-de-mobilitas.svg&#8220; alt=&#8220;Pelichet &#8211; &#8220; title_text=&#8220;carte-pelichet-de-mobilitas&#8220; module_class=&#8220;map-agencies&#8220; _builder_version=&#8220;4.21.0&#8243; _module_preset=&#8220;default&#8220; width=&#8220;75%&#8220; width_tablet=&#8220;100%&#8220; width_phone=&#8220;100%&#8220; width_last_edited=&#8220;on|tablet&#8220; module_alignment=&#8220;center&#8220; global_colors_info=&#8220;{}&#8220;][\/et_pb_image][\/et_pb_column][\/et_pb_row][et_pb_row column_structure=&#8220;1_3,1_3,1_3&#8243; use_custom_gutter=&#8220;on&#8220; gutter_width=&#8220;4&#8243; admin_label=&#8220;Map &#8211; Numbers&#8220; _builder_version=&#8220;4.21.0&#8243; _module_preset=&#8220;default&#8220; max_width=&#8220;1200px&#8220; custom_margin_tablet=&#8220;&#8220; custom_margin_phone=&#8220;&#8220; custom_margin_last_edited=&#8220;on|phone&#8220; custom_css_before=&#8220;content: &#8220;;||display: block;||width: 100%;||height: 2px;||background-color: rgba(0,0,0,0.1);||position: absolute;||top: 50%;||left: 0;&#8220; global_colors_info=&#8220;{}&#8220;][et_pb_column type=&#8220;1_3&#8243; _builder_version=&#8220;4.21.0&#8243; _module_preset=&#8220;default&#8220; global_colors_info=&#8220;{}&#8220;][et_pb_number_counter title=&#8220;L\u00e4nder&#8220; number=&#8220;100&#8243; _builder_version=&#8220;4.21.0&#8243; _module_preset=&#8220;ebd2c7bb-a22b-4a71-aaa7-3f2faa676196&#8243; animation_style=&#8220;fade&#8220; global_colors_info=&#8220;{}&#8220;][\/et_pb_number_counter][\/et_pb_column][et_pb_column type=&#8220;1_3&#8243; _builder_version=&#8220;4.21.0&#8243; _module_preset=&#8220;default&#8220; global_colors_info=&#8220;{}&#8220;][et_pb_number_counter title=&#8220;Niederlassungen&#8220; number=&#8220;377&#8243; _builder_version=&#8220;4.21.0&#8243; _module_preset=&#8220;ebd2c7bb-a22b-4a71-aaa7-3f2faa676196&#8243; animation_style=&#8220;fade&#8220; custom_css_number_counter_title=&#8220;font-weight: normal;||line-height: 1 !important;&#8220; global_colors_info=&#8220;{}&#8220;][\/et_pb_number_counter][\/et_pb_column][et_pb_column type=&#8220;1_3&#8243; _builder_version=&#8220;4.21.0&#8243; _module_preset=&#8220;default&#8220; global_colors_info=&#8220;{}&#8220;][et_pb_number_counter title=&#8220;Umz\u00fcge pro Jahr&#8220; number=&#8220;150000&#8243; _builder_version=&#8220;4.21.0&#8243; _module_preset=&#8220;ebd2c7bb-a22b-4a71-aaa7-3f2faa676196&#8243; animation_style=&#8220;fade&#8220; custom_css_number_counter_title=&#8220;font-weight: normal;||line-height: 1 !important;&#8220; global_colors_info=&#8220;{}&#8220;][\/et_pb_number_counter][\/et_pb_column][\/et_pb_row][\/et_pb_section][et_pb_section fb_built=&#8220;1&#8243; custom_padding_last_edited=&#8220;on|phone&#8220; admin_label=&#8220;Mobilitas&#8220; _builder_version=&#8220;4.21.0&#8243; _module_preset=&#8220;default&#8220; custom_padding=&#8220;||0px||false|false&#8220; custom_padding_tablet=&#8220;||0px||false|false&#8220; custom_padding_phone=&#8220;40px||||false|false&#8220; global_colors_info=&#8220;{}&#8220;][et_pb_row custom_padding_last_edited=&#8220;off|desktop&#8220; _builder_version=&#8220;4.21.0&#8243; _module_preset=&#8220;default&#8220; max_width=&#8220;900px&#8220; module_alignment=&#8220;center&#8220; height_last_edited=&#8220;off|desktop&#8220; max_height_last_edited=&#8220;off|tablet&#8220; custom_margin_last_edited=&#8220;off|phone&#8220; custom_padding=&#8220;||||false|false&#8220; custom_padding_tablet=&#8220;||||false|false&#8220; custom_padding_phone=&#8220;0px||||false|false&#8220; global_colors_info=&#8220;{}&#8220; custom_css_main_element_last_edited=&#8220;off|tablet&#8220;][et_pb_column type=&#8220;4_4&#8243; _builder_version=&#8220;4.21.0&#8243; _module_preset=&#8220;default&#8220; custom_padding_tablet=&#8220;40px||||false|false&#8220; custom_padding_phone=&#8220;40px||||false|false&#8220; custom_padding_last_edited=&#8220;on|tablet&#8220; global_colors_info=&#8220;{}&#8220;][et_pb_text _builder_version=&#8220;4.21.0&#8243; _module_preset=&#8220;c03424a2-92b0-4db6-9fa7-e5acc8ed924d&#8220; text_orientation=&#8220;center&#8220; custom_margin=&#8220;||24px||false|false&#8220; animation_style=&#8220;fade&#8220; header_2_font_size_tablet=&#8220;2.81em&#8220; header_2_font_size_last_edited=&#8220;off|phone&#8220; header_2_line_height_tablet=&#8220;1.2em&#8220; header_2_line_height_last_edited=&#8220;off|tablet&#8220; module_alignment_tablet=&#8220;center&#8220; module_alignment_phone=&#8220;center&#8220; module_alignment_last_edited=&#8220;on|tablet&#8220; global_colors_info=&#8220;{}&#8220;]<\/p>\n<h2>Die Allianz mit MOBILITAS<\/h2>\n<p>[\/et_pb_text][et_pb_text _builder_version=&#8220;4.21.0&#8243; _module_preset=&#8220;default&#8220; text_orientation=&#8220;center&#8220; custom_margin=&#8220;||||false|false&#8220; animation_style=&#8220;fade&#8220; module_alignment_tablet=&#8220;center&#8220; module_alignment_phone=&#8220;center&#8220; module_alignment_last_edited=&#8220;on|tablet&#8220; global_colors_info=&#8220;{}&#8220;]<\/p>\n<p>Im Jahr 2011, nachdem das Unternehmen sich f\u00fcr f\u00fcnf aufeinanderfolgende Generationen in den H\u00e4nden derselben Familie befunden hatte, geht Pelichet eine Verbindung mit MOBILITAS ein, einem bedeutenden und internationalen Akteur von Umzugs-, Transport- und Archivierungsdienstleistungen.<\/p>\n<p>Dieser Zusammenschluss erm\u00f6glicht es Pelichet, Teil einer internationalen Gruppe zu werden, mit einem starken Netz von 354 Filialen weltweit, diesen Impuls zu nutzen und sich weltweit mit Angeboten zum globalem Mobilit\u00e4tsmanagement f\u00fcr Unternehmen, deren Mitarbeitende, f\u00fcr Privatpersonen und internationale Organisationen zu entwickeln.<\/p>\n<p>[\/et_pb_text][\/et_pb_column][\/et_pb_row][et_pb_row column_structure=&#8220;1_3,1_3,1_3&#8243; use_custom_gutter=&#8220;on&#8220; gutter_width=&#8220;2&#8243; make_equal=&#8220;on&#8220; _builder_version=&#8220;4.21.0&#8243; _module_preset=&#8220;default&#8220; height=&#8220;330px&#8220; height_tablet=&#8220;auto&#8220; height_phone=&#8220;auto&#8220; height_last_edited=&#8220;on|tablet&#8220; custom_margin=&#8220;0px||||false|false&#8220; global_colors_info=&#8220;{}&#8220;][et_pb_column type=&#8220;1_3&#8243; _builder_version=&#8220;4.21.0&#8243; _module_preset=&#8220;default&#8220; background_image=&#8220;https:\/\/staging.pelichet-relocation.com\/wp-content\/uploads\/2023\/09\/groupe_mobilitas.jpg&#8220; custom_padding=&#8220;||230px||false|false&#8220; custom_padding_tablet=&#8220;||||false|false&#8220; custom_padding_phone=&#8220;||130px||false|false&#8220; custom_padding_last_edited=&#8220;on|phone&#8220; animation_style=&#8220;fade&#8220; border_radii=&#8220;on|8px|8px|8px|8px&#8220; global_colors_info=&#8220;{}&#8220; custom_css_main_element_last_edited=&#8220;on|phone&#8220; custom_css_main_element_tablet=&#8220;display: block !important;||margin-bottom: 0;&#8220; custom_css_main_element_phone=&#8220;display: block !important;||margin-bottom: 0;&#8220;][\/et_pb_column][et_pb_column type=&#8220;1_3&#8243; _builder_version=&#8220;4.21.0&#8243; _module_preset=&#8220;default&#8220; background_image=&#8220;https:\/\/staging.pelichet-relocation.com\/wp-content\/uploads\/2023\/09\/mobilitas_demenagement.jpg&#8220; custom_padding=&#8220;||230px||false|false&#8220; custom_padding_tablet=&#8220;||230px||false|false&#8220; custom_padding_phone=&#8220;||130px||false|false&#8220; custom_padding_last_edited=&#8220;on|phone&#8220; animation_style=&#8220;fade&#8220; border_radii=&#8220;on|8px|8px|8px|8px&#8220; global_colors_info=&#8220;{}&#8220; custom_css_main_element_last_edited=&#8220;on|tablet&#8220; custom_css_main_element_tablet=&#8220;margin-top: 20px;||margin-bottom: 20px !important;||display: block !important;&#8220; custom_css_main_element_phone=&#8220;margin-top: 20px;||margin-bottom: 20px !important;||display: block !important;&#8220;][\/et_pb_column][et_pb_column type=&#8220;1_3&#8243; _builder_version=&#8220;4.21.0&#8243; _module_preset=&#8220;default&#8220; background_image=&#8220;https:\/\/staging.pelichet-relocation.com\/wp-content\/uploads\/2023\/08\/PELICHET-TEAM-4.jpg&#8220; custom_padding=&#8220;||230px||false|false&#8220; custom_padding_tablet=&#8220;||230px||false|false&#8220; custom_padding_phone=&#8220;||130px||false|false&#8220; custom_padding_last_edited=&#8220;on|phone&#8220; animation_style=&#8220;fade&#8220; border_radii=&#8220;on|8px|8px|8px|8px&#8220; global_colors_info=&#8220;{}&#8220; custom_css_main_element_last_edited=&#8220;on|phone&#8220; custom_css_main_element_tablet=&#8220;display: block !important;&#8220; custom_css_main_element_phone=&#8220;display: block !important;&#8220;][\/et_pb_column][\/et_pb_row][\/et_pb_section][et_pb_section fb_built=&#8220;1&#8243; custom_padding_last_edited=&#8220;on|tablet&#8220; admin_label=&#8220;Image&#8220; _builder_version=&#8220;4.21.0&#8243; _module_preset=&#8220;default&#8220; use_background_color_gradient=&#8220;on&#8220; background_color_gradient_stops=&#8220;#ffffff 0%|#ffffff 8%|rgba(255,255,255,0) 100%&#8220; background_image=&#8220;https:\/\/staging.pelichet-relocation.com\/wp-content\/uploads\/2023\/07\/PELICHET-DEMENAGEMENT-SUISSE.jpg&#8220; background_blend=&#8220;overlay&#8220; height=&#8220;900px&#8220; height_tablet=&#8220;450px&#8220; height_phone=&#8220;450px&#8220; height_last_edited=&#8220;on|tablet&#8220; custom_padding=&#8220;0px||0px||true|false&#8220; custom_padding_tablet=&#8220;0px||0px||true|false&#8220; custom_padding_phone=&#8220;0px||0px||true|false&#8220; global_colors_info=&#8220;{}&#8220;][\/et_pb_section]<\/p>\n","protected":false},"excerpt":{"rendered":"<p>Die Geschichte von Pelichet Seit der Gr\u00fcndung durch Albert Pelichet im Jahr 1891 hat unsere Gruppe die Zeitalter und Epochen \u00fcberdauert und sich durch ihre drei gewachsenen T\u00e4tigkeitsfelder Umzug, Transport und Archivierung zu einem wichtigen Akteur der Mobilit\u00e4t in der Schweiz und im Ausland entwickelt. Die Gruppe hat sich immer wieder den Herausforderungen angepasst, die [&hellip;]<\/p>\n","protected":false},"author":14,"featured_media":0,"parent":22994424,"menu_order":0,"comment_status":"closed","ping_status":"closed","template":"","meta":{"_et_pb_use_builder":"on","_et_pb_old_content":"","_et_gb_content_width":"","footnotes":""},"dipi_cpt_category":[],"class_list":["post-22994463","page","type-page","status-publish","hentry"],"_links":{"self":[{"href":"https:\/\/www.pelichet.ch\/de\/wp-json\/wp\/v2\/pages\/22994463","targetHints":{"allow":["GET"]}}],"collection":[{"href":"https:\/\/www.pelichet.ch\/de\/wp-json\/wp\/v2\/pages"}],"about":[{"href":"https:\/\/www.pelichet.ch\/de\/wp-json\/wp\/v2\/types\/page"}],"author":[{"embeddable":true,"href":"https:\/\/www.pelichet.ch\/de\/wp-json\/wp\/v2\/users\/14"}],"replies":[{"embeddable":true,"href":"https:\/\/www.pelichet.ch\/de\/wp-json\/wp\/v2\/comments?post=22994463"}],"version-history":[{"count":27,"href":"https:\/\/www.pelichet.ch\/de\/wp-json\/wp\/v2\/pages\/22994463\/revisions"}],"predecessor-version":[{"id":22995995,"href":"https:\/\/www.pelichet.ch\/de\/wp-json\/wp\/v2\/pages\/22994463\/revisions\/22995995"}],"up":[{"embeddable":true,"href":"https:\/\/www.pelichet.ch\/de\/wp-json\/wp\/v2\/pages\/22994424"}],"wp:attachment":[{"href":"https:\/\/www.pelichet.ch\/de\/wp-json\/wp\/v2\/media?parent=22994463"}],"wp:term":[{"taxonomy":"dipi_cpt_category","embeddable":true,"href":"https:\/\/www.pelichet.ch\/de\/wp-json\/wp\/v2\/dipi_cpt_category?post=22994463"}],"curies":[{"name":"wp","href":"https:\/\/api.w.org\/{rel}","templated":true}]}}